{"id":282172,"date":"2026-01-12T14:39:44","date_gmt":"2026-01-12T12:39:44","guid":{"rendered":"https:\/\/variset.fi\/startsida"},"modified":"2026-03-02T14:25:12","modified_gmt":"2026-03-02T12:25:12","slug":"startsida","status":"publish","type":"page","link":"https:\/\/variset.fi\/sv\/","title":{"rendered":"Startsida"},"content":{"rendered":"<section class=\"block block-hero has-video-background has-media layout-full\">\r\n\r\n    <div class=\"hero-media\">\r\n                                    <img\r\n                    class=\"hero-video-poster\"\r\n                    src=\"https:\/\/variset.fi\/wp-content\/uploads\/2026\/03\/hero-frame-0.jpg\"\r\n                    alt=\"\"\r\n                    fetchpriority=\"high\"\r\n                    loading=\"eager\"\r\n                    decoding=\"sync\">\r\n                        <video\r\n                class=\"hero-video\"\r\n                autoplay                muted                loop                playsinline\r\n                preload=\"auto\">\r\n                <source src=\"https:\/\/variset.fi\/wp-content\/uploads\/2026\/02\/variset_uusi_etusivu_2026_deskari_-720p.mp4\" type=\"video\/mp4\">\r\n                Din webbl\u00e4sare st\u00f6der inte videotaggen.            <\/video>\r\n                        <script>(function(){var v=document.currentScript.previousElementSibling;var p=v.previousElementSibling;function hide(){if(p)p.classList.add('loaded');}v.addEventListener('canplay',hide,{once:true});v.addEventListener('playing',hide,{once:true});})();<\/script>\r\n                                <\/div>\r\n\r\n    <div class=\"hero-content\">\r\n        <div class=\"hero-container\">\r\n            <div class=\"content-container\">\r\n                                \n<div class=\"wp-block-wds-hero\">\n<h2 class=\"wp-block-heading\">M\u00e5lnings- och taktj\u00e4nster \u00f6verallt i Finland<\/h2>\n\n\n\n<h1 class=\"wp-block-heading\">Bli k\u00e4r i ditt hem p\u00e5 nytt<\/h1>\n\n\n\n<div class=\"wp-block-buttons is-content-justification-left is-layout-flex wp-container-core-buttons-is-layout-fdcfc74e wp-block-buttons-is-layout-flex\">\n<div class=\"wp-block-button is-style-primary\"><a class=\"wp-block-button__link wp-element-button\" href=\"https:\/\/variset.fi\/sv\/priskalkylator\/\">Ber\u00e4kna pris<\/a><\/div>\n\n\n\n<div class=\"wp-block-button\"><a class=\"wp-block-button__link wp-element-button\" href=\"https:\/\/variset.fi\/sv\/gratis-kartlaggning\/\">Boka kartl\u00e4ggning<\/a><\/div>\n<\/div>\n<\/div>\n            <\/div>\r\n        <\/div>\r\n    <\/div>\r\n<\/section><section class=\"block block-value-propositions\">\r\n    <div class=\"content-container\">\r\n        <div class=\"value-propositions-grid\">\r\n            <div class=\"scroll-container\">\r\n                <div class=\"content\">\r\n                    \n<div class=\"wp-block-wds-value-propositions\">\n<div class=\"wp-block-group value-propositions-grid is-content-justification-center is-layout-flex wp-container-core-group-is-layout-64b26803 wp-block-group-is-layout-flex\"><div class=\"block block-icon-text\">\r\n            <div class=\"icon-container\">\r\n            <img width=\"51\" height=\"73\" src=\"https:\/\/variset.fi\/wp-content\/uploads\/2026\/01\/icon-avainlippu.svg\" class=\"attachment-thumbnail size-thumbnail\" alt=\"\" loading=\"lazy\" decoding=\"async\" \/>        <\/div>\r\n        <div class=\"content-container\">\r\n        \n<div class=\"wp-block-wds-icon-text\">\n<h2 class=\"wp-block-heading\">Svenskt hantverk<\/h2>\n\n\n\n<p>fr\u00e5n pigga hantverkare<\/p>\n<\/div>\n    <\/div>\r\n<\/div>\r\n\n\n<div class=\"block block-icon-text\">\r\n            <div class=\"icon-container\">\r\n            <img width=\"36\" height=\"35\" src=\"https:\/\/variset.fi\/wp-content\/uploads\/2026\/02\/icon-star.svg\" class=\"attachment-thumbnail size-thumbnail\" alt=\"\" loading=\"lazy\" decoding=\"async\" \/>        <\/div>\r\n        <div class=\"content-container\">\r\n        \n<div class=\"wp-block-wds-icon-text\">\n<h3 class=\"wp-block-heading\">4,8 \/ 5<\/h3>\n\n\n\n<p>Google-recensioner<\/p>\n<\/div>\n    <\/div>\r\n<\/div>\r\n\n\n<div class=\"block block-icon-text\">\r\n            <div class=\"icon-container\">\r\n            <img width=\"32\" height=\"22\" src=\"https:\/\/variset.fi\/wp-content\/uploads\/2026\/02\/icon-talo.svg\" class=\"attachment-thumbnail size-thumbnail\" alt=\"\" loading=\"lazy\" decoding=\"async\" \/>        <\/div>\r\n        <div class=\"content-container\">\r\n        \n<div class=\"wp-block-wds-icon-text\">\n<h3 class=\"wp-block-heading\">10 000 +<\/h3>\n\n\n\n<p>genomf\u00f6rda projekt<\/p>\n<\/div>\n    <\/div>\r\n<\/div>\r\n\n\n<div class=\"block block-icon-text\">\r\n            <div class=\"icon-container\">\r\n            <img width=\"30\" height=\"34\" src=\"https:\/\/variset.fi\/wp-content\/uploads\/2026\/02\/icon-pensseli.svg\" class=\"attachment-thumbnail size-thumbnail\" alt=\"\" loading=\"lazy\" decoding=\"async\" \/>        <\/div>\r\n        <div class=\"content-container\">\r\n        \n<div class=\"wp-block-wds-icon-text\">\n<h3 class=\"wp-block-heading\"><a href=\"https:\/\/variset.fi\/tietopankki\/variset-laadun-takana-on-l7-laatukoodi-nain-takaamme-onnistumisen-joka-saalla\/\" data-type=\"post\" data-id=\"6723\">L7-kvalitetskod<\/a><\/h3>\n\n\n\n<p>garanterar arbetskvaliteten<\/p>\n<\/div>\n    <\/div>\r\n<\/div>\r\n<\/div>\n<\/div>\n                <\/div>\r\n                <div class=\"mobile-content\">\r\n                    \n<div class=\"wp-block-wds-value-propositions\">\n<div class=\"wp-block-group value-propositions-grid is-content-justification-center is-layout-flex wp-container-core-group-is-layout-64b26803 wp-block-group-is-layout-flex\"><div class=\"block block-icon-text\">\r\n            <div class=\"icon-container\">\r\n            <img width=\"51\" height=\"73\" src=\"https:\/\/variset.fi\/wp-content\/uploads\/2026\/01\/icon-avainlippu.svg\" class=\"attachment-thumbnail size-thumbnail\" alt=\"\" loading=\"lazy\" decoding=\"async\" \/>        <\/div>\r\n        <div class=\"content-container\">\r\n        \n<div class=\"wp-block-wds-icon-text\">\n<h2 class=\"wp-block-heading\">Svenskt hantverk<\/h2>\n\n\n\n<p>fr\u00e5n pigga hantverkare<\/p>\n<\/div>\n    <\/div>\r\n<\/div>\r\n\n\n<div class=\"block block-icon-text\">\r\n            <div class=\"icon-container\">\r\n            <img width=\"36\" height=\"35\" src=\"https:\/\/variset.fi\/wp-content\/uploads\/2026\/02\/icon-star.svg\" class=\"attachment-thumbnail size-thumbnail\" alt=\"\" loading=\"lazy\" decoding=\"async\" \/>        <\/div>\r\n        <div class=\"content-container\">\r\n        \n<div class=\"wp-block-wds-icon-text\">\n<h3 class=\"wp-block-heading\">4,8 \/ 5<\/h3>\n\n\n\n<p>Google-recensioner<\/p>\n<\/div>\n    <\/div>\r\n<\/div>\r\n\n\n<div class=\"block block-icon-text\">\r\n            <div class=\"icon-container\">\r\n            <img width=\"32\" height=\"22\" src=\"https:\/\/variset.fi\/wp-content\/uploads\/2026\/02\/icon-talo.svg\" class=\"attachment-thumbnail size-thumbnail\" alt=\"\" loading=\"lazy\" decoding=\"async\" \/>        <\/div>\r\n        <div class=\"content-container\">\r\n        \n<div class=\"wp-block-wds-icon-text\">\n<h3 class=\"wp-block-heading\">10 000 +<\/h3>\n\n\n\n<p>genomf\u00f6rda projekt<\/p>\n<\/div>\n    <\/div>\r\n<\/div>\r\n\n\n<div class=\"block block-icon-text\">\r\n            <div class=\"icon-container\">\r\n            <img width=\"30\" height=\"34\" src=\"https:\/\/variset.fi\/wp-content\/uploads\/2026\/02\/icon-pensseli.svg\" class=\"attachment-thumbnail size-thumbnail\" alt=\"\" loading=\"lazy\" decoding=\"async\" \/>        <\/div>\r\n        <div class=\"content-container\">\r\n        \n<div class=\"wp-block-wds-icon-text\">\n<h3 class=\"wp-block-heading\"><a href=\"https:\/\/variset.fi\/tietopankki\/variset-laadun-takana-on-l7-laatukoodi-nain-takaamme-onnistumisen-joka-saalla\/\" data-type=\"post\" data-id=\"6723\">L7-kvalitetskod<\/a><\/h3>\n\n\n\n<p>garanterar arbetskvaliteten<\/p>\n<\/div>\n    <\/div>\r\n<\/div>\r\n<\/div>\n<\/div>\n                <\/div>\r\n            <\/div>\r\n        <\/div>\r\n    <\/div>\r\n<\/section>\r\n<section class=\"block block-card-lifts cards-per-row-2\">\r\n    <div class=\"container\">\r\n        <div class=\"card-lifts-grid\">\r\n            \n<div class=\"wp-block-wds-card-lifts\"><section class=\"block block-link-card\">\r\n    <div class=\"container\">\r\n        <div class=\"link-card lift-card\">\r\n                            <div class=\"image reveal\">\r\n                    <img width=\"1024\" height=\"630\" src=\"https:\/\/variset.fi\/wp-content\/uploads\/2026\/03\/variset_ulkomaalaus-Suuri-1024x630.jpeg\" class=\"attachment-large size-large\" alt=\"\" loading=\"lazy\" decoding=\"async\" srcset=\"https:\/\/variset.fi\/wp-content\/uploads\/2026\/03\/variset_ulkomaalaus-Suuri-1024x630.jpeg 1024w, https:\/\/variset.fi\/wp-content\/uploads\/2026\/03\/variset_ulkomaalaus-Suuri-300x184.jpeg 300w, https:\/\/variset.fi\/wp-content\/uploads\/2026\/03\/variset_ulkomaalaus-Suuri-768x472.jpeg 768w, https:\/\/variset.fi\/wp-content\/uploads\/2026\/03\/variset_ulkomaalaus-Suuri-964x593.jpeg 964w, https:\/\/variset.fi\/wp-content\/uploads\/2026\/03\/variset_ulkomaalaus-Suuri-714x439.jpeg 714w, https:\/\/variset.fi\/wp-content\/uploads\/2026\/03\/variset_ulkomaalaus-Suuri-590x363.jpeg 590w, https:\/\/variset.fi\/wp-content\/uploads\/2026\/03\/variset_ulkomaalaus-Suuri-364x223.jpeg 364w, https:\/\/variset.fi\/wp-content\/uploads\/2026\/03\/variset_ulkomaalaus-Suuri-600x369.jpeg 600w, https:\/\/variset.fi\/wp-content\/uploads\/2026\/03\/variset_ulkomaalaus-Suuri.jpeg 1280w\" sizes=\"auto, (max-width: 1024px) 100vw, 1024px\" \/>                <\/div>\r\n            \r\n            <div class=\"content reveal\">\r\n                                    <h3 class=\"heading\">Husm\u00e5lning<\/h3>\r\n                \r\n                                    <p class=\"excerpt\">Bli k\u00e4r i ditt hem p\u00e5 nytt \u2013 \u00e5terst\u00e4ll ditt hems utseende och v\u00e4rde<\/p>\r\n                \r\n                                    <p class=\"text\">Utv\u00e4ndig husm\u00e5lning \u00e5terst\u00e4ller ditt hems utseende och v\u00e4rde. Ett oklanderligt slutresultat \u00e4r av st\u00f6rsta vikt f\u00f6r oss. Vi ser alltid till att slutresultatet \u00e4r j\u00e4mnt och v\u00e4lbearbetat.  <\/p>\r\n                \r\n                <div class=\"buttons\">\r\n                    \n<div class=\"wp-block-wds-link-card\">\n<div class=\"wp-block-buttons is-layout-flex wp-block-buttons-is-layout-flex\">\n<div class=\"wp-block-button is-style-outline is-style-outline--1\"><a class=\"wp-block-button__link wp-element-button\" href=\"https:\/\/variset.fi\/sv\/husmalning\/\">Husm\u00e5lning<\/a><\/div>\n<\/div>\n<\/div>\n                <\/div>\r\n            <\/div>\r\n            <a class=\"full\" href=\"https:\/\/variset.fi\/sv\/husmalning\/\" aria-hidden=\"true\" tabindex=\"-1\"><\/a>        <\/div>\r\n    <\/div>\r\n<\/section>\n\n<section class=\"block block-link-card\">\r\n    <div class=\"container\">\r\n        <div class=\"link-card lift-card\">\r\n                            <div class=\"image reveal\">\r\n                    <img width=\"1024\" height=\"683\" src=\"https:\/\/variset.fi\/wp-content\/uploads\/2026\/02\/Tiilikaton_huolto_Jaakko_Pirinen_PekkaRousi-36-1024x683.jpg\" class=\"attachment-large size-large\" alt=\"\" loading=\"lazy\" decoding=\"async\" srcset=\"https:\/\/variset.fi\/wp-content\/uploads\/2026\/02\/Tiilikaton_huolto_Jaakko_Pirinen_PekkaRousi-36-1024x683.jpg 1024w, https:\/\/variset.fi\/wp-content\/uploads\/2026\/02\/Tiilikaton_huolto_Jaakko_Pirinen_PekkaRousi-36-300x200.jpg 300w, https:\/\/variset.fi\/wp-content\/uploads\/2026\/02\/Tiilikaton_huolto_Jaakko_Pirinen_PekkaRousi-36-768x512.jpg 768w, https:\/\/variset.fi\/wp-content\/uploads\/2026\/02\/Tiilikaton_huolto_Jaakko_Pirinen_PekkaRousi-36-1536x1025.jpg 1536w, https:\/\/variset.fi\/wp-content\/uploads\/2026\/02\/Tiilikaton_huolto_Jaakko_Pirinen_PekkaRousi-36-2048x1366.jpg 2048w, https:\/\/variset.fi\/wp-content\/uploads\/2026\/02\/Tiilikaton_huolto_Jaakko_Pirinen_PekkaRousi-36-1920x1281.jpg 1920w, https:\/\/variset.fi\/wp-content\/uploads\/2026\/02\/Tiilikaton_huolto_Jaakko_Pirinen_PekkaRousi-36-889x593.jpg 889w, https:\/\/variset.fi\/wp-content\/uploads\/2026\/02\/Tiilikaton_huolto_Jaakko_Pirinen_PekkaRousi-36-714x476.jpg 714w, https:\/\/variset.fi\/wp-content\/uploads\/2026\/02\/Tiilikaton_huolto_Jaakko_Pirinen_PekkaRousi-36-590x394.jpg 590w, https:\/\/variset.fi\/wp-content\/uploads\/2026\/02\/Tiilikaton_huolto_Jaakko_Pirinen_PekkaRousi-36-367x245.jpg 367w, https:\/\/variset.fi\/wp-content\/uploads\/2026\/02\/Tiilikaton_huolto_Jaakko_Pirinen_PekkaRousi-36-600x400.jpg 600w\" sizes=\"auto, (max-width: 1024px) 100vw, 1024px\" \/>                <\/div>\r\n            \r\n            <div class=\"content reveal\">\r\n                                    <h3 class=\"heading\">Takservicetj\u00e4nster<\/h3>\r\n                \r\n                                    <p class=\"excerpt\">Ett tak som underh\u00e5lls i tid \u00f6kar takets livsl\u00e4ngd med \u00e5rtionden<\/p>\r\n                \r\n                                    <p class=\"text\">Ett intakt, underh\u00e5llet och m\u00e5lat tak \u00e4r varje hus viktigaste skydd. Bel\u00e4ggning och service av tegeltak samt m\u00e5lning av pl\u00e5ttak som nyckelklara l\u00f6sningar. <\/p>\r\n                \r\n                <div class=\"buttons\">\r\n                    \n<div class=\"wp-block-wds-link-card\">\n<div class=\"wp-block-buttons is-layout-flex wp-block-buttons-is-layout-flex\">\n<div class=\"wp-block-button is-style-outline is-style-outline--2\"><a class=\"wp-block-button__link wp-element-button\" href=\"https:\/\/variset.fi\/kattohuolto\">Takservice<\/a><\/div>\n<\/div>\n\n\n\n<div class=\"wp-block-buttons is-layout-flex wp-block-buttons-is-layout-flex\"><\/div>\n<\/div>\n                <\/div>\r\n            <\/div>\r\n            <a class=\"full\" href=\"https:\/\/variset.fi\/kattohuolto\" aria-hidden=\"true\" tabindex=\"-1\"><\/a>        <\/div>\r\n    <\/div>\r\n<\/section><\/div>\n        <\/div>\r\n    <\/div>\r\n<\/section>\r\n\n<h3 class=\"wp-block-heading\">N\u00f6jda kunder ber\u00e4ttar<\/h3>\n<section class=\"block block-embed has-background\">\r\n    <div class=\"container\">\r\n                    <div class=\"embed-content\">\r\n                <script src=\"https:\/\/widget.trustmary.com\/KCeYMQmRT\"><\/script>            <\/div>\r\n            <\/div>\r\n<\/section>\r\n\n<h3 class=\"wp-block-heading\">Kundber\u00e4ttelser och objekt<\/h3>\n<section class=\"block block-post-lifts cards-per-row-3 large-first-card \" data-browsable=\"0\" data-posts-per-page=\"4\">\r\n    <div class=\"container\">\r\n        \r\n                    <div class=\"post-lifts-grid\">\r\n                                    <div class=\"post-lift-item large-card\" data-categories=\"[503,509,456]\">\r\n                        <div class=\"post-card lift-card has-video\">\r\n                                                            <div class=\"image\">\r\n                                    <img decoding=\"async\" src=\"https:\/\/variset.fi\/wp-content\/uploads\/2026\/02\/variset_hartelin-1054x593.png\" alt=\"\" srcset=\"https:\/\/variset.fi\/wp-content\/uploads\/2026\/02\/variset_hartelin-300x169.png 300w, https:\/\/variset.fi\/wp-content\/uploads\/2026\/02\/variset_hartelin-1024x576.png 1024w, https:\/\/variset.fi\/wp-content\/uploads\/2026\/02\/variset_hartelin-768x432.png 768w, https:\/\/variset.fi\/wp-content\/uploads\/2026\/02\/variset_hartelin-1054x593.png 1054w, https:\/\/variset.fi\/wp-content\/uploads\/2026\/02\/variset_hartelin-714x402.png 714w, https:\/\/variset.fi\/wp-content\/uploads\/2026\/02\/variset_hartelin-590x332.png 590w, https:\/\/variset.fi\/wp-content\/uploads\/2026\/02\/variset_hartelin-846x476.png 846w, https:\/\/variset.fi\/wp-content\/uploads\/2026\/02\/variset_hartelin-600x338.png 600w, https:\/\/variset.fi\/wp-content\/uploads\/2026\/02\/variset_hartelin.png 1280w\">                                <\/div>\r\n                            \r\n                            <div class=\"content\">\r\n                                                                    <div class=\"categories\">\r\n                                                                                    <a href=\"https:\/\/variset.fi\/sv\/blogi\/tjanster\/belaggning-av-taktak\/\" class=\"category-badge\">\r\n                                                Bel\u00e4ggning av taktak                                            <\/a>\r\n                                                                                    <a href=\"https:\/\/variset.fi\/sv\/blogi\/erfarenheter\/\" class=\"category-badge\">\r\n                                                Erfarenheter                                            <\/a>\r\n                                                                            <\/div>\r\n                                \r\n                                <h3 class=\"heading\">\r\n                                    <a href=\"https:\/\/variset.fi\/sv\/kundupplevelse\/musikerns-takforvandling-aarne-hartelin-berattar-om-belaggningen-av-sitt-tegeltak\/\">\r\n                                        Musikerns takf\u00f6rvandling \u2013 Aarne Hartelin ber\u00e4ttar om bel\u00e4ggningen av sitt tegeltak                                    <\/a>\r\n                                <\/h3>\r\n\r\n                                <div class=\"excerpt\">\r\n                                    Aarne Hartelins tegeltak var t\u00e4ckt av mossa. Musikern, k\u00e4nd fr\u00e5n bandet Finlanders, valde V\u00e4riset f\u00f6r att f\u00e5 taket i nyskick sommaren 2025.                                 <\/div>\r\n\r\n                                <div class=\"buttons\">\r\n                                    <div class=\"wp-block-buttons\">\r\n                                        <div class=\"wp-block-button is-style-outline\">\r\n                                            <a href=\"https:\/\/variset.fi\/sv\/kundupplevelse\/musikerns-takforvandling-aarne-hartelin-berattar-om-belaggningen-av-sitt-tegeltak\/\" class=\"wp-block-button__link\">\r\n                                                L\u00e4s mer                                            <\/a>\r\n                                        <\/div>\r\n                                    <\/div>\r\n                                <\/div>\r\n                            <\/div>\r\n                            <a class=\"full\" href=\"https:\/\/variset.fi\/sv\/kundupplevelse\/musikerns-takforvandling-aarne-hartelin-berattar-om-belaggningen-av-sitt-tegeltak\/\" aria-hidden=\"true\" tabindex=\"-1\"><\/a>\r\n                        <\/div>\r\n                    <\/div>\r\n                                    <div class=\"post-lift-item \" data-categories=\"[509,466]\">\r\n                        <div class=\"post-card lift-card \">\r\n                                                            <div class=\"image\">\r\n                                    <img decoding=\"async\" src=\"https:\/\/variset.fi\/wp-content\/uploads\/2026\/02\/variset_anni_ja_ilkka-1024x577.png\" alt=\"\" srcset=\"https:\/\/variset.fi\/wp-content\/uploads\/2026\/02\/variset_anni_ja_ilkka-300x169.png 300w, https:\/\/variset.fi\/wp-content\/uploads\/2026\/02\/variset_anni_ja_ilkka-1024x577.png 1024w, https:\/\/variset.fi\/wp-content\/uploads\/2026\/02\/variset_anni_ja_ilkka-768x432.png 768w, https:\/\/variset.fi\/wp-content\/uploads\/2026\/02\/variset_anni_ja_ilkka-1536x865.png 1536w, https:\/\/variset.fi\/wp-content\/uploads\/2026\/02\/variset_anni_ja_ilkka-1920x1081.png 1920w, https:\/\/variset.fi\/wp-content\/uploads\/2026\/02\/variset_anni_ja_ilkka-1053x593.png 1053w, https:\/\/variset.fi\/wp-content\/uploads\/2026\/02\/variset_anni_ja_ilkka-714x402.png 714w, https:\/\/variset.fi\/wp-content\/uploads\/2026\/02\/variset_anni_ja_ilkka-590x332.png 590w, https:\/\/variset.fi\/wp-content\/uploads\/2026\/02\/variset_anni_ja_ilkka-846x476.png 846w, https:\/\/variset.fi\/wp-content\/uploads\/2026\/02\/variset_anni_ja_ilkka-600x338.png 600w, https:\/\/variset.fi\/wp-content\/uploads\/2026\/02\/variset_anni_ja_ilkka.png 2048w\">                                <\/div>\r\n                            \r\n                            <div class=\"content\">\r\n                                                                    <div class=\"categories\">\r\n                                                                                    <a href=\"https:\/\/variset.fi\/sv\/blogi\/erfarenheter\/\" class=\"category-badge\">\r\n                                                Erfarenheter                                            <\/a>\r\n                                                                                    <a href=\"https:\/\/variset.fi\/sv\/blogi\/tjanster\/husmalning\/\" class=\"category-badge\">\r\n                                                Husm\u00e5lning                                            <\/a>\r\n                                                                            <\/div>\r\n                                \r\n                                <h3 class=\"heading\">\r\n                                    <a href=\"https:\/\/variset.fi\/sv\/kundupplevelse\/wow-vad-har-hant-har-anni-och-ilkka-ihamakis-stuga-fick-ett-nytt-fantastiskt-utseende\/\">\r\n                                        &#8221;Wow, vad har h\u00e4nt h\u00e4r?\u201d \u2013 Anni och Ilkka Iham\u00e4kis stuga fick ett nytt fantastiskt utseende                                    <\/a>\r\n                                <\/h3>\r\n\r\n                                <div class=\"excerpt\">\r\n                                    N\u00e4r Anni och Ilkka Iham\u00e4ki \u00e5terv\u00e4nde till sin nym\u00e5lade sommarstuga blev de f\u00f6rv\u00e5nade: &#8221;Wow,&#8230;                                <\/div>\r\n\r\n                                <div class=\"buttons\">\r\n                                    <div class=\"wp-block-buttons\">\r\n                                        <div class=\"wp-block-button is-style-outline\">\r\n                                            <a href=\"https:\/\/variset.fi\/sv\/kundupplevelse\/wow-vad-har-hant-har-anni-och-ilkka-ihamakis-stuga-fick-ett-nytt-fantastiskt-utseende\/\" class=\"wp-block-button__link\">\r\n                                                L\u00e4s mer                                            <\/a>\r\n                                        <\/div>\r\n                                    <\/div>\r\n                                <\/div>\r\n                            <\/div>\r\n                            <a class=\"full\" href=\"https:\/\/variset.fi\/sv\/kundupplevelse\/wow-vad-har-hant-har-anni-och-ilkka-ihamakis-stuga-fick-ett-nytt-fantastiskt-utseende\/\" aria-hidden=\"true\" tabindex=\"-1\"><\/a>\r\n                        <\/div>\r\n                    <\/div>\r\n                                    <div class=\"post-lift-item \" data-categories=\"[509,466]\">\r\n                        <div class=\"post-card lift-card \">\r\n                                                            <div class=\"image\">\r\n                                    <img decoding=\"async\" src=\"https:\/\/variset.fi\/wp-content\/uploads\/2026\/02\/lempaala_refe_variset-e1725525927271-1024x577.jpg\" alt=\"\" srcset=\"https:\/\/variset.fi\/wp-content\/uploads\/2026\/02\/lempaala_refe_variset-e1725525927271-300x169.jpg 300w, https:\/\/variset.fi\/wp-content\/uploads\/2026\/02\/lempaala_refe_variset-e1725525927271-1024x577.jpg 1024w, https:\/\/variset.fi\/wp-content\/uploads\/2026\/02\/lempaala_refe_variset-e1725525927271-768x432.jpg 768w, https:\/\/variset.fi\/wp-content\/uploads\/2026\/02\/lempaala_refe_variset-e1725525927271-1536x865.jpg 1536w, https:\/\/variset.fi\/wp-content\/uploads\/2026\/02\/lempaala_refe_variset-e1725525927271-1920x1081.jpg 1920w, https:\/\/variset.fi\/wp-content\/uploads\/2026\/02\/lempaala_refe_variset-e1725525927271-1053x593.jpg 1053w, https:\/\/variset.fi\/wp-content\/uploads\/2026\/02\/lempaala_refe_variset-e1725525927271-714x402.jpg 714w, https:\/\/variset.fi\/wp-content\/uploads\/2026\/02\/lempaala_refe_variset-e1725525927271-590x332.jpg 590w, https:\/\/variset.fi\/wp-content\/uploads\/2026\/02\/lempaala_refe_variset-e1725525927271-846x476.jpg 846w, https:\/\/variset.fi\/wp-content\/uploads\/2026\/02\/lempaala_refe_variset-e1725525927271-600x338.jpg 600w, https:\/\/variset.fi\/wp-content\/uploads\/2026\/02\/lempaala_refe_variset-e1725525927271.jpg 2048w\">                                <\/div>\r\n                            \r\n                            <div class=\"content\">\r\n                                                                    <div class=\"categories\">\r\n                                                                                    <a href=\"https:\/\/variset.fi\/sv\/blogi\/erfarenheter\/\" class=\"category-badge\">\r\n                                                Erfarenheter                                            <\/a>\r\n                                                                                    <a href=\"https:\/\/variset.fi\/sv\/blogi\/tjanster\/husmalning\/\" class=\"category-badge\">\r\n                                                Husm\u00e5lning                                            <\/a>\r\n                                                                            <\/div>\r\n                                \r\n                                <h3 class=\"heading\">\r\n                                    <a href=\"https:\/\/variset.fi\/sv\/kundupplevelse\/malning-av-konstnarsvilla-i-lempaala-slutresultatet-ar-precis-som-vi-ville-ha-det\/\">\r\n                                        M\u00e5lning av konstn\u00e4rsvilla i Lemp\u00e4\u00e4l\u00e4 \u2013 \u201dSlutresultatet \u00e4r precis som vi ville ha det\u201d                                    <\/a>\r\n                                <\/h3>\r\n\r\n                                <div class=\"excerpt\">\r\n                                    Den historiska husperlan fr\u00e5n 1903 i Lemp\u00e4\u00e4l\u00e4 beh\u00f6vde en ny m\u00e5lning. Huset fick ett v\u00e4rdigt utseende i h\u00e4nderna p\u00e5 V\u00e4risets m\u00e5lare sommaren 2024.                                 <\/div>\r\n\r\n                                <div class=\"buttons\">\r\n                                    <div class=\"wp-block-buttons\">\r\n                                        <div class=\"wp-block-button is-style-outline\">\r\n                                            <a href=\"https:\/\/variset.fi\/sv\/kundupplevelse\/malning-av-konstnarsvilla-i-lempaala-slutresultatet-ar-precis-som-vi-ville-ha-det\/\" class=\"wp-block-button__link\">\r\n                                                L\u00e4s mer                                            <\/a>\r\n                                        <\/div>\r\n                                    <\/div>\r\n                                <\/div>\r\n                            <\/div>\r\n                            <a class=\"full\" href=\"https:\/\/variset.fi\/sv\/kundupplevelse\/malning-av-konstnarsvilla-i-lempaala-slutresultatet-ar-precis-som-vi-ville-ha-det\/\" aria-hidden=\"true\" tabindex=\"-1\"><\/a>\r\n                        <\/div>\r\n                    <\/div>\r\n                                    <div class=\"post-lift-item \" data-categories=\"[509,466]\">\r\n                        <div class=\"post-card lift-card \">\r\n                                                            <div class=\"image\">\r\n                                    <img decoding=\"async\" src=\"https:\/\/variset.fi\/wp-content\/uploads\/2026\/02\/Nayttokuva-2024-7-2-kello-13.04.35-1024x575.png\" alt=\"\" srcset=\"https:\/\/variset.fi\/wp-content\/uploads\/2026\/02\/Nayttokuva-2024-7-2-kello-13.04.35-300x169.png 300w, https:\/\/variset.fi\/wp-content\/uploads\/2026\/02\/Nayttokuva-2024-7-2-kello-13.04.35-1024x575.png 1024w, https:\/\/variset.fi\/wp-content\/uploads\/2026\/02\/Nayttokuva-2024-7-2-kello-13.04.35-768x431.png 768w, https:\/\/variset.fi\/wp-content\/uploads\/2026\/02\/Nayttokuva-2024-7-2-kello-13.04.35-1056x593.png 1056w, https:\/\/variset.fi\/wp-content\/uploads\/2026\/02\/Nayttokuva-2024-7-2-kello-13.04.35-714x401.png 714w, https:\/\/variset.fi\/wp-content\/uploads\/2026\/02\/Nayttokuva-2024-7-2-kello-13.04.35-590x331.png 590w, https:\/\/variset.fi\/wp-content\/uploads\/2026\/02\/Nayttokuva-2024-7-2-kello-13.04.35-846x476.png 846w, https:\/\/variset.fi\/wp-content\/uploads\/2026\/02\/Nayttokuva-2024-7-2-kello-13.04.35-600x337.png 600w, https:\/\/variset.fi\/wp-content\/uploads\/2026\/02\/Nayttokuva-2024-7-2-kello-13.04.35.png 1278w\">                                <\/div>\r\n                            \r\n                            <div class=\"content\">\r\n                                                                    <div class=\"categories\">\r\n                                                                                    <a href=\"https:\/\/variset.fi\/sv\/blogi\/erfarenheter\/\" class=\"category-badge\">\r\n                                                Erfarenheter                                            <\/a>\r\n                                                                                    <a href=\"https:\/\/variset.fi\/sv\/blogi\/tjanster\/husmalning\/\" class=\"category-badge\">\r\n                                                Husm\u00e5lning                                            <\/a>\r\n                                                                            <\/div>\r\n                                \r\n                                <h3 class=\"heading\">\r\n                                    <a href=\"https:\/\/variset.fi\/sv\/kundupplevelse\/grannens-erfarenheter-overtygade-yrkeskunnandet-och-kvaliteten-holl-sig-bra\/\">\r\n                                        Grannens erfarenheter \u00f6vertygade \u2013 &#8221;Yrkeskunnandet och kvaliteten h\u00f6ll sig bra\u201d                                    <\/a>\r\n                                <\/h3>\r\n\r\n                                <div class=\"excerpt\">\r\n                                    1940-talets tr\u00e4hussk\u00f6nhet i M\u00e5nsas i Helsingfors beh\u00f6vde verkligen ny m\u00e5larf\u00e4rg. Utv\u00e4ndig m\u00e5lning ordnades med&#8230;                                <\/div>\r\n\r\n                                <div class=\"buttons\">\r\n                                    <div class=\"wp-block-buttons\">\r\n                                        <div class=\"wp-block-button is-style-outline\">\r\n                                            <a href=\"https:\/\/variset.fi\/sv\/kundupplevelse\/grannens-erfarenheter-overtygade-yrkeskunnandet-och-kvaliteten-holl-sig-bra\/\" class=\"wp-block-button__link\">\r\n                                                L\u00e4s mer                                            <\/a>\r\n                                        <\/div>\r\n                                    <\/div>\r\n                                <\/div>\r\n                            <\/div>\r\n                            <a class=\"full\" href=\"https:\/\/variset.fi\/sv\/kundupplevelse\/grannens-erfarenheter-overtygade-yrkeskunnandet-och-kvaliteten-holl-sig-bra\/\" aria-hidden=\"true\" tabindex=\"-1\"><\/a>\r\n                        <\/div>\r\n                    <\/div>\r\n                            <\/div>\r\n\r\n            \r\n                            <div class=\"post-lifts-link\">\r\n                    <div class=\"wp-block-buttons\">\r\n                        <div class=\"wp-block-button is-style-outline\">\r\n                            <a href=\"https:\/\/variset.fi\/sv\/kundupplevelser\/\" class=\"wp-block-button__link\">\r\n                                Alla kundupplevelser                            <\/a>\r\n                        <\/div>\r\n                    <\/div>\r\n                <\/div>\r\n                        <\/div>\r\n<\/section>\n<h3 class=\"wp-block-heading\">V\u00e4riset som f\u00f6retag<\/h3>\n<section class=\"block block-call-to-action has-background-image\">\r\n    <div class=\"content-container\">\r\n                <div class=\"background-container\"><img width=\"957\" height=\"1024\" src=\"https:\/\/variset.fi\/wp-content\/uploads\/2026\/01\/helmiina-957x1024.png\" class=\"attachment-large size-large\" alt=\"\" loading=\"lazy\" decoding=\"async\" srcset=\"https:\/\/variset.fi\/wp-content\/uploads\/2026\/01\/helmiina-957x1024.png 957w, https:\/\/variset.fi\/wp-content\/uploads\/2026\/01\/helmiina-280x300.png 280w, https:\/\/variset.fi\/wp-content\/uploads\/2026\/01\/helmiina-768x822.png 768w, https:\/\/variset.fi\/wp-content\/uploads\/2026\/01\/helmiina-554x593.png 554w, https:\/\/variset.fi\/wp-content\/uploads\/2026\/01\/helmiina-496x531.png 496w, https:\/\/variset.fi\/wp-content\/uploads\/2026\/01\/helmiina-551x590.png 551w, https:\/\/variset.fi\/wp-content\/uploads\/2026\/01\/helmiina.png 1400w\" sizes=\"auto, (max-width: 957px) 100vw, 957px\" \/><\/div>\r\n                <div class=\"content reveal\">\r\n            \n<div class=\"wp-block-wds-call-to-action\">\n<h2 class=\"wp-block-heading\">Det d\u00e4r V\u00e4riset<\/h2>\n\n\n\n<p>Att m\u00e5la huset och underh\u00e5lla taket \u00e4r mer \u00e4n estetik; det \u00e4r att f\u00f6r\u00e4dla din mest v\u00e4rdefulla egendom. V\u00e4riset \u00e4r Finlands enda m\u00e5lerifirma som garanterar h\u00e5llbarhet och sk\u00f6nhet med hj\u00e4lp av den unika L7-kvalitetskoden \u2013 f\u00f6re projektets start, under arbetets g\u00e5ng och efter att arbetet \u00e4r klart <\/p>\n\n\n\n<div class=\"wp-block-buttons is-layout-flex wp-block-buttons-is-layout-flex\">\n<div class=\"wp-block-button is-style-outline is-style-outline--3\"><a class=\"wp-block-button__link wp-element-button\" href=\"https:\/\/variset.fi\/sv\/foretag\/var-historia\/\">L\u00e4s v\u00e5r historia<\/a><\/div>\n<\/div>\n<\/div>\n        <\/div>\r\n    <\/div>\r\n<\/section>\r\n<section class=\"block block-title-text\">\r\n    <div class=\"content-container\">\r\n        <div class=\"content reveal\">\r\n            \n<div class=\"wp-block-wds-title-text has-white-background-color has-background\">\n<h2 class=\"wp-block-heading\">Vi har f\u00e4rgsatt hus sedan 2012<\/h2>\n\n\n\n<p>Gnistan till V\u00e4risets f\u00f6delse och f\u00e4rgs\u00e4ttning av hus t\u00e4ndes tidigt. De nord\u00f6sterbottniska br\u00f6derna Konsta och Jeremias Peltokorpi grundade 2007 egna firmor och m\u00e5lade under somrarna hem i Ule\u00e5borgsregionen med tidigare m\u00e5larerfarenhet i bagaget. <\/p>\n\n\n\n<p>V\u00e4riset Oy \u00e4r en m\u00e5lerifirma och takservicef\u00f6retag som grundades 2012 och specialiserat sig p\u00e5 utv\u00e4ndig m\u00e5lning och bel\u00e4ggning av tegeltak. Vi planerar varje projekt separat tillsammans med kunden och genomf\u00f6r dem med respekt f\u00f6r kundens \u00f6nskem\u00e5l. <br\/><br\/><\/p>\n\n\n\n<div class=\"wp-block-buttons is-layout-flex wp-block-buttons-is-layout-flex\">\n<div class=\"wp-block-button is-style-outline is-style-outline--4\"><a class=\"wp-block-button__link wp-element-button\" href=\"https:\/\/variset.fi\/sv\/foretag\/\">F\u00f6retags- och ekonomiuppgifter<\/a><\/div>\n<\/div>\n<\/div>\n        <\/div>\r\n    <\/div>\r\n<\/section>\n<h3 class=\"wp-block-heading\">V\u00e4riset i siffror<\/h3>\n<section class=\"block block-small-lifts\">\r\n    <div class=\"container\">\r\n        <div class=\"small-lifts-grid\">\r\n            \n<div class=\"wp-block-wds-small-lifts\"><div class=\"small-lift layout-number\">\r\n    \r\n            <div class=\"number\">\r\n            14        <\/div>\r\n    \r\n            <h4 class=\"heading\">\u00e5rs erfarenhet<\/h4>\r\n    \r\n            <p class=\"text\">Under \u00e5rens lopp har vi finslipat v\u00e5rt arbetss\u00e4tt till perfektion. K\u00e4rnan i V\u00e4risets service \u00e4r utm\u00e4rkt kundkommunikation och f\u00f6rstklassigt slutresultat. <\/p>\r\n    <\/div>\r\n\n\n<div class=\"small-lift layout-number\">\r\n    \r\n            <div class=\"number\">\r\n            10 000        <\/div>\r\n    \r\n            <h4 class=\"heading\">m\u00e5lade objekt<\/h4>\r\n    \r\n            <p class=\"text\">Under \u00e5rens lopp har vi f\u00e4rgsatt hus av olika storlek fr\u00e5n Hang\u00f6 till Lappland.<\/p>\r\n    <\/div>\r\n\n\n<div class=\"small-lift layout-number\">\r\n    \r\n            <div class=\"number\">\r\n            4,8        <\/div>\r\n    \r\n            <h4 class=\"heading\">stj\u00e4rnor p\u00e5 Google<\/h4>\r\n    \r\n            <p class=\"text\">N\u00e4stan 300 kunder har redan bed\u00f6mt v\u00e5rt arbete till n\u00e4stan 5 stj\u00e4rnor i Googles recensioner.<\/p>\r\n    <\/div>\r\n<\/div>\n        <\/div>\r\n    <\/div>\r\n<\/section>\r\n\n<h3 class=\"wp-block-heading\">Senaste fr\u00e5n kunskapsbanken<\/h3>\n<section class=\"block block-post-lifts cards-per-row-3  \" data-browsable=\"0\" data-posts-per-page=\"3\">\r\n    <div class=\"container\">\r\n        \r\n                    <div class=\"post-lifts-grid\">\r\n                                    <div class=\"post-lift-item \" data-categories=\"[495,456]\">\r\n                        <div class=\"post-card lift-card has-video\">\r\n                                                            <div class=\"image\">\r\n                                    <img decoding=\"async\" src=\"https:\/\/variset.fi\/wp-content\/uploads\/2026\/02\/B33949A7-AB3D-47E0-8224-D6AF556D563F-1-edited-scaled-1-1024x576.jpeg\" alt=\"\" srcset=\"https:\/\/variset.fi\/wp-content\/uploads\/2026\/02\/B33949A7-AB3D-47E0-8224-D6AF556D563F-1-edited-scaled-1-300x169.jpeg 300w, https:\/\/variset.fi\/wp-content\/uploads\/2026\/02\/B33949A7-AB3D-47E0-8224-D6AF556D563F-1-edited-scaled-1-1024x576.jpeg 1024w, https:\/\/variset.fi\/wp-content\/uploads\/2026\/02\/B33949A7-AB3D-47E0-8224-D6AF556D563F-1-edited-scaled-1-768x432.jpeg 768w, https:\/\/variset.fi\/wp-content\/uploads\/2026\/02\/B33949A7-AB3D-47E0-8224-D6AF556D563F-1-edited-scaled-1-1536x863.jpeg 1536w, https:\/\/variset.fi\/wp-content\/uploads\/2026\/02\/B33949A7-AB3D-47E0-8224-D6AF556D563F-1-edited-scaled-1-2048x1151.jpeg 2048w, https:\/\/variset.fi\/wp-content\/uploads\/2026\/02\/B33949A7-AB3D-47E0-8224-D6AF556D563F-1-edited-scaled-1-1920x1079.jpeg 1920w, https:\/\/variset.fi\/wp-content\/uploads\/2026\/02\/B33949A7-AB3D-47E0-8224-D6AF556D563F-1-edited-scaled-1-1055x593.jpeg 1055w, https:\/\/variset.fi\/wp-content\/uploads\/2026\/02\/B33949A7-AB3D-47E0-8224-D6AF556D563F-1-edited-scaled-1-714x401.jpeg 714w, https:\/\/variset.fi\/wp-content\/uploads\/2026\/02\/B33949A7-AB3D-47E0-8224-D6AF556D563F-1-edited-scaled-1-590x332.jpeg 590w, https:\/\/variset.fi\/wp-content\/uploads\/2026\/02\/B33949A7-AB3D-47E0-8224-D6AF556D563F-1-edited-scaled-1-846x476.jpeg 846w, https:\/\/variset.fi\/wp-content\/uploads\/2026\/02\/B33949A7-AB3D-47E0-8224-D6AF556D563F-1-edited-scaled-1-600x337.jpeg 600w\">                                <\/div>\r\n                            \r\n                            <div class=\"content\">\r\n                                                                    <div class=\"categories\">\r\n                                                                                    <a href=\"https:\/\/variset.fi\/sv\/blogi\/tjanster\/takmalning\/\" class=\"category-badge\">\r\n                                                Takm\u00e5lning                                            <\/a>\r\n                                                                                    <a href=\"https:\/\/variset.fi\/sv\/blogi\/tjanster\/taktjanster\/\" class=\"category-badge\">\r\n                                                Taktj\u00e4nster                                            <\/a>\r\n                                                                            <\/div>\r\n                                \r\n                                <h3 class=\"heading\">\r\n                                    <a href=\"https:\/\/variset.fi\/sv\/kunskapsbank\/plattaksmalning-pris-och-hur-gor-man\/\">\r\n                                        Pl\u00e5ttaksm\u00e5lning \u2013 hur g\u00f6r man?                                    <\/a>\r\n                                <\/h3>\r\n\r\n                                <div class=\"excerpt\">\r\n                                    Pl\u00e5ttaksm\u00e5lning \u00e4r en viktig del av takens underh\u00e5ll. Den f\u00f6rl\u00e4nger takets livsl\u00e4ngd och skyddar&#8230;                                <\/div>\r\n\r\n                                <div class=\"buttons\">\r\n                                    <div class=\"wp-block-buttons\">\r\n                                        <div class=\"wp-block-button is-style-outline\">\r\n                                            <a href=\"https:\/\/variset.fi\/sv\/kunskapsbank\/plattaksmalning-pris-och-hur-gor-man\/\" class=\"wp-block-button__link\">\r\n                                                L\u00e4s mer                                            <\/a>\r\n                                        <\/div>\r\n                                    <\/div>\r\n                                <\/div>\r\n                            <\/div>\r\n                            <a class=\"full\" href=\"https:\/\/variset.fi\/sv\/kunskapsbank\/plattaksmalning-pris-och-hur-gor-man\/\" aria-hidden=\"true\" tabindex=\"-1\"><\/a>\r\n                        <\/div>\r\n                    <\/div>\r\n                                    <div class=\"post-lift-item \" data-categories=\"[456]\">\r\n                        <div class=\"post-card lift-card has-video\">\r\n                                                            <div class=\"image\">\r\n                                    <img decoding=\"async\" src=\"https:\/\/variset.fi\/wp-content\/uploads\/2026\/02\/tiilikaton_pinnoitus_variset-2-1024x732.jpg\" alt=\"\" srcset=\"https:\/\/variset.fi\/wp-content\/uploads\/2026\/02\/tiilikaton_pinnoitus_variset-2-300x214.jpg 300w, https:\/\/variset.fi\/wp-content\/uploads\/2026\/02\/tiilikaton_pinnoitus_variset-2-1024x732.jpg 1024w, https:\/\/variset.fi\/wp-content\/uploads\/2026\/02\/tiilikaton_pinnoitus_variset-2-768x549.jpg 768w, https:\/\/variset.fi\/wp-content\/uploads\/2026\/02\/tiilikaton_pinnoitus_variset-2-1536x1097.jpg 1536w, https:\/\/variset.fi\/wp-content\/uploads\/2026\/02\/tiilikaton_pinnoitus_variset-2-1920x1372.jpg 1920w, https:\/\/variset.fi\/wp-content\/uploads\/2026\/02\/tiilikaton_pinnoitus_variset-2-830x593.jpg 830w, https:\/\/variset.fi\/wp-content\/uploads\/2026\/02\/tiilikaton_pinnoitus_variset-2-714x510.jpg 714w, https:\/\/variset.fi\/wp-content\/uploads\/2026\/02\/tiilikaton_pinnoitus_variset-2-590x421.jpg 590w, https:\/\/variset.fi\/wp-content\/uploads\/2026\/02\/tiilikaton_pinnoitus_variset-2-600x429.jpg 600w, https:\/\/variset.fi\/wp-content\/uploads\/2026\/02\/tiilikaton_pinnoitus_variset-2.jpg 2048w\">                                <\/div>\r\n                            \r\n                            <div class=\"content\">\r\n                                                                    <div class=\"categories\">\r\n                                                                                    <a href=\"https:\/\/variset.fi\/sv\/blogi\/tjanster\/taktjanster\/\" class=\"category-badge\">\r\n                                                Taktj\u00e4nster                                            <\/a>\r\n                                                                            <\/div>\r\n                                \r\n                                <h3 class=\"heading\">\r\n                                    <a href=\"https:\/\/variset.fi\/sv\/kunskapsbank\/takmalning-pris-och-vanligaste-fragor\/\">\r\n                                        Takm\u00e5lning \u2013 Pris och vanligaste fr\u00e5gor                                    <\/a>\r\n                                <\/h3>\r\n\r\n                                <div class=\"excerpt\">\r\n                                    Takets skick f\u00f6r\u00e4ndras l\u00e5ngsamt och man m\u00e4rker inte alltid tecknen i vardagen. Bleknad f\u00e4rg,&#8230;                                <\/div>\r\n\r\n                                <div class=\"buttons\">\r\n                                    <div class=\"wp-block-buttons\">\r\n                                        <div class=\"wp-block-button is-style-outline\">\r\n                                            <a href=\"https:\/\/variset.fi\/sv\/kunskapsbank\/takmalning-pris-och-vanligaste-fragor\/\" class=\"wp-block-button__link\">\r\n                                                L\u00e4s mer                                            <\/a>\r\n                                        <\/div>\r\n                                    <\/div>\r\n                                <\/div>\r\n                            <\/div>\r\n                            <a class=\"full\" href=\"https:\/\/variset.fi\/sv\/kunskapsbank\/takmalning-pris-och-vanligaste-fragor\/\" aria-hidden=\"true\" tabindex=\"-1\"><\/a>\r\n                        <\/div>\r\n                    <\/div>\r\n                                    <div class=\"post-lift-item \" data-categories=\"[495]\">\r\n                        <div class=\"post-card lift-card has-video\">\r\n                                                            <div class=\"image\">\r\n                                    <img decoding=\"async\" src=\"https:\/\/variset.fi\/wp-content\/uploads\/2026\/02\/tiilikaton_pinnoitus_variset-2-edited-1-1024x576.jpg\" alt=\"\" srcset=\"https:\/\/variset.fi\/wp-content\/uploads\/2026\/02\/tiilikaton_pinnoitus_variset-2-edited-1-300x169.jpg 300w, https:\/\/variset.fi\/wp-content\/uploads\/2026\/02\/tiilikaton_pinnoitus_variset-2-edited-1-1024x576.jpg 1024w, https:\/\/variset.fi\/wp-content\/uploads\/2026\/02\/tiilikaton_pinnoitus_variset-2-edited-1-768x432.jpg 768w, https:\/\/variset.fi\/wp-content\/uploads\/2026\/02\/tiilikaton_pinnoitus_variset-2-edited-1-1536x863.jpg 1536w, https:\/\/variset.fi\/wp-content\/uploads\/2026\/02\/tiilikaton_pinnoitus_variset-2-edited-1-1920x1079.jpg 1920w, https:\/\/variset.fi\/wp-content\/uploads\/2026\/02\/tiilikaton_pinnoitus_variset-2-edited-1-1055x593.jpg 1055w, https:\/\/variset.fi\/wp-content\/uploads\/2026\/02\/tiilikaton_pinnoitus_variset-2-edited-1-714x401.jpg 714w, https:\/\/variset.fi\/wp-content\/uploads\/2026\/02\/tiilikaton_pinnoitus_variset-2-edited-1-590x332.jpg 590w, https:\/\/variset.fi\/wp-content\/uploads\/2026\/02\/tiilikaton_pinnoitus_variset-2-edited-1-846x476.jpg 846w, https:\/\/variset.fi\/wp-content\/uploads\/2026\/02\/tiilikaton_pinnoitus_variset-2-edited-1-600x337.jpg 600w, https:\/\/variset.fi\/wp-content\/uploads\/2026\/02\/tiilikaton_pinnoitus_variset-2-edited-1.jpg 2048w\">                                <\/div>\r\n                            \r\n                            <div class=\"content\">\r\n                                                                    <div class=\"categories\">\r\n                                                                                    <a href=\"https:\/\/variset.fi\/sv\/blogi\/tjanster\/takmalning\/\" class=\"category-badge\">\r\n                                                Takm\u00e5lning                                            <\/a>\r\n                                                                            <\/div>\r\n                                \r\n                                <h3 class=\"heading\">\r\n                                    <a href=\"https:\/\/variset.fi\/sv\/kunskapsbank\/malning-av-tegeltak-vad-kostar-det-att-mala-ett-tegeltak\/\">\r\n                                        M\u00e5lning av tegeltak \u2013 vad kostar det att m\u00e5la ett tegeltak?                                    <\/a>\r\n                                <\/h3>\r\n\r\n                                <div class=\"excerpt\">\r\n                                    Ett tegeltak ger de f\u00f6rsta tecknen p\u00e5 slitage p\u00e5 ett subtilt s\u00e4tt. Vatten p\u00e4rlar&#8230;                                <\/div>\r\n\r\n                                <div class=\"buttons\">\r\n                                    <div class=\"wp-block-buttons\">\r\n                                        <div class=\"wp-block-button is-style-outline\">\r\n                                            <a href=\"https:\/\/variset.fi\/sv\/kunskapsbank\/malning-av-tegeltak-vad-kostar-det-att-mala-ett-tegeltak\/\" class=\"wp-block-button__link\">\r\n                                                L\u00e4s mer                                            <\/a>\r\n                                        <\/div>\r\n                                    <\/div>\r\n                                <\/div>\r\n                            <\/div>\r\n                            <a class=\"full\" href=\"https:\/\/variset.fi\/sv\/kunskapsbank\/malning-av-tegeltak-vad-kostar-det-att-mala-ett-tegeltak\/\" aria-hidden=\"true\" tabindex=\"-1\"><\/a>\r\n                        <\/div>\r\n                    <\/div>\r\n                            <\/div>\r\n\r\n            \r\n                            <div class=\"post-lifts-link\">\r\n                    <div class=\"wp-block-buttons\">\r\n                        <div class=\"wp-block-button is-style-outline\">\r\n                            <a href=\"https:\/\/variset.fi\/sv\/kunskapsbank\/\" class=\"wp-block-button__link\">\r\n                                Fler artiklar                            <\/a>\r\n                        <\/div>\r\n                    <\/div>\r\n                <\/div>\r\n                        <\/div>\r\n<\/section>\n<p><\/p>\n","protected":false},"excerpt":{"rendered":"<p>Kundber\u00e4ttelser och objekt V\u00e4riset som f\u00f6retag V\u00e4riset i siffror Senaste fr\u00e5n kunskapsbanken<\/p>\n","protected":false},"author":7,"featured_media":0,"parent":0,"menu_order":0,"comment_status":"closed","ping_status":"closed","template":"","meta":{"_acf_changed":false,"_page_background_color":"","_accent_color":"","footnotes":""},"class_list":["post-282172","page","type-page","status-publish","hentry"],"acf":[],"_links":{"self":[{"href":"https:\/\/variset.fi\/sv\/wp-json\/wp\/v2\/pages\/282172","targetHints":{"allow":["GET"]}}],"collection":[{"href":"https:\/\/variset.fi\/sv\/wp-json\/wp\/v2\/pages"}],"about":[{"href":"https:\/\/variset.fi\/sv\/wp-json\/wp\/v2\/types\/page"}],"author":[{"embeddable":true,"href":"https:\/\/variset.fi\/sv\/wp-json\/wp\/v2\/users\/7"}],"replies":[{"embeddable":true,"href":"https:\/\/variset.fi\/sv\/wp-json\/wp\/v2\/comments?post=282172"}],"version-history":[{"count":9,"href":"https:\/\/variset.fi\/sv\/wp-json\/wp\/v2\/pages\/282172\/revisions"}],"predecessor-version":[{"id":285608,"href":"https:\/\/variset.fi\/sv\/wp-json\/wp\/v2\/pages\/282172\/revisions\/285608"}],"wp:attachment":[{"href":"https:\/\/variset.fi\/sv\/wp-json\/wp\/v2\/media?parent=282172"}],"curies":[{"name":"wp","href":"https:\/\/api.w.org\/{rel}","templated":true}]}}